{"id":3243,"date":"2024-01-30T11:22:13","date_gmt":"2024-01-30T10:22:13","guid":{"rendered":"https:\/\/www.ferienwohnung-warnitz.de\/leer\/?page_id=3243"},"modified":"2024-01-30T11:22:13","modified_gmt":"2024-01-30T10:22:13","slug":"impressum","status":"publish","type":"page","link":"https:\/\/www.ferienwohnung-warnitz.de\/leer\/impressum\/","title":{"rendered":"Impressum"},"content":{"rendered":"\n<p><strong>Angaben gem\u00e4\u00df Informationspflicht laut \u00a7 5 Telemediengesetz (TMG).<\/strong><\/p>\n\n\n\n<p><strong>www.ferienwohnung-warnitz.de<\/strong><br>Inhaber Steffen Knauthe<br>Gartenstra\u00dfe 18,<br>16303 Schwedt,<br>Deutschland<\/p>\n\n\n\n<p><strong>Tel.:<\/strong>\u00a00176 59 211 108<br><strong>E-Mail:<\/strong> sku@skdiamond.de<\/p>\n\n\n\n<p><\/p>\n\n\n\n<h2 class=\"wp-block-heading\" id=\"eu-streitschlichtung\">EU-Streitschlichtung<\/h2>\n\n\n\n<p>Gem\u00e4\u00df Verordnung \u00fcber Online-Streitbeilegung in Verbraucherangelegenheiten (ODR-Verordnung) m\u00f6chten wir Sie \u00fcber die Online-Streitbeilegungsplattform (OS-Plattform) informieren.<br>Verbraucher haben die M\u00f6glichkeit, Beschwerden an die Online Streitbeilegungsplattform der Europ\u00e4ischen Kommission unter&nbsp;<a href=\"https:\/\/ec.europa.eu\/consumers\/odr\/main\/index.cfm?event=main.home2.show&amp;lng=DE\" target=\"_blank\" rel=\"noreferrer noopener\">https:\/\/ec.europa.eu\/consumers\/odr\/main\/index.cfm?event=main.home2.show&amp;lng=DE<\/a>&nbsp;zu richten. Die daf\u00fcr notwendigen Kontaktdaten finden Sie oberhalb in unserem Impressum.<\/p>\n\n\n\n<p>Wir m\u00f6chten Sie jedoch darauf hinweisen, dass wir nicht bereit oder verpflichtet sind, an Streitbeilegungsverfahren vor einer Verbraucherschlichtungsstelle teilzunehmen.<\/p>\n\n\n\n<h2 class=\"wp-block-heading\" id=\"haftung-fuer-inhalte-dieser-webseite\">Haftung f\u00fcr Inhalte dieser Website<\/h2>\n\n\n\n<p>Wir entwickeln die Inhalte dieser Website st\u00e4ndig weiter und bem\u00fchen uns korrekte und aktuelle Informationen bereitzustellen. Leider k\u00f6nnen wir keine Haftung f\u00fcr die Korrektheit aller Inhalte auf dieser Website \u00fcbernehmen, speziell f\u00fcr jene, die seitens Dritter bereitgestellt wurden. Als Diensteanbieter sind wir nicht verpflichtet, die von Ihnen \u00fcbermittelten oder gespeicherten Informationen zu \u00fcberwachen oder nach Umst\u00e4nden zu forschen, die auf eine rechtswidrige T\u00e4tigkeit hinweisen.<\/p>\n\n\n\n<p>Unsere Verpflichtungen zur Entfernung von Informationen oder zur Sperrung der Nutzung von Informationen nach den allgemeinen Gesetzen aufgrund von gerichtlichen oder beh\u00f6rdlichen Anordnungen bleiben auch im Falle unserer Nichtverantwortlichkeit davon unber\u00fchrt.<\/p>\n\n\n\n<p>Sollten Ihnen problematische oder rechtswidrige Inhalte auffallen, bitte wir Sie uns umgehend zu kontaktieren, damit wir die rechtswidrigen Inhalte entfernen k\u00f6nnen. Sie finden die Kontaktdaten im Impressum<\/p>\n\n\n\n<h2 class=\"wp-block-heading\" id=\"haftung-links-webseite\">Haftung f\u00fcr Links auf dieser Website<\/h2>\n\n\n\n<p>Unsere Website enth\u00e4lt Links zu anderen Websites f\u00fcr deren Inhalt wir nicht verantwortlich sind. Haftung f\u00fcr verlinkte Websites besteht f\u00fcr uns nicht, da wir keine Kenntnis rechtswidriger T\u00e4tigkeiten hatten und haben, uns solche Rechtswidrigkeiten auch bisher nicht aufgefallen sind und wir Links sofort entfernen w\u00fcrden, wenn uns Rechtswidrigkeiten bekannt werden.<\/p>\n\n\n\n<p>Wenn Ihnen rechtswidrige Links auf unserer Website auffallen, bitte wir Sie uns zu kontaktieren. Sie finden die Kontaktdaten im Impressum.<\/p>\n\n\n\n<h2 class=\"wp-block-heading\" id=\"urheberrechtshinweis\">Urheberrechtshinweis<\/h2>\n\n\n\n<h2 class=\"wp-block-heading\" id=\"bildernachweis\">Bildernachweis<\/h2>\n\n\n\n<p>Die Bilder, Fotos und Grafiken auf dieser Webseite sind urheberrechtlich gesch\u00fctzt.<\/p>\n\n\n\n<p><strong>Die Bilderrechte liegen bei:<\/strong><br>Fotograf: Steffen Knauthe<br><br>Alle Texte sind urheberrechtlich gesch\u00fctzt.<\/p>\n\n\n\n<p><\/p>\n\n\n\n<p><\/p>\n\n\n\n<p>Quelle: Erstellt mit dem\u00a0<a href=\"https:\/\/www.adsimple.de\/impressum-generator\/\" target=\"_blank\" rel=\"noreferrer noopener\">Impressum Generator<\/a>\u00a0von AdSimple<\/p>\n","protected":false},"excerpt":{"rendered":"<p>Angaben gem\u00e4\u00df Informationspflicht laut \u00a7 5 Telemediengesetz (TMG). www.ferienwohnung-warnitz.deInhaber Steffen KnautheGartenstra\u00dfe 18,16303 Schwedt,Deutschland Tel.:\u00a00176 59 211 108E-Mail: sku@skdiamond.de EU-Streitschlichtung Gem\u00e4\u00df &hellip; <a href=\"https:\/\/www.ferienwohnung-warnitz.de\/leer\/impressum\/\" class=\"more-link\">Continue reading <span class=\"screen-reader-text\">Impressum<\/span><\/a><\/p>\n","protected":false},"author":1,"featured_media":0,"parent":0,"menu_order":0,"comment_status":"closed","ping_status":"closed","template":"","meta":{"footnotes":""},"class_list":["post-3243","page","type-page","status-publish","hentry"],"yoast_head":"<!-- This site is optimized with the Yoast SEO plugin v27.4 - https:\/\/yoast.com\/product\/yoast-seo-wordpress\/ -->\n<title>Impressum - Ferienwohnung Warnitz<\/title>\n<meta name=\"robots\" content=\"index, follow, max-snippet:-1, max-image-preview:large, max-video-preview:-1\" \/>\n<link rel=\"canonical\" href=\"https:\/\/www.ferienwohnung-warnitz.de\/leer\/impressum\/\" \/>\n<meta property=\"og:locale\" content=\"de_DE\" \/>\n<meta property=\"og:type\" content=\"article\" \/>\n<meta property=\"og:title\" content=\"Impressum - Ferienwohnung Warnitz\" \/>\n<meta property=\"og:description\" content=\"Angaben gem\u00e4\u00df Informationspflicht laut \u00a7 5 Telemediengesetz (TMG). www.ferienwohnung-warnitz.deInhaber Steffen KnautheGartenstra\u00dfe 18,16303 Schwedt,Deutschland Tel.:\u00a00176 59 211 108E-Mail: sku@skdiamond.de EU-Streitschlichtung Gem\u00e4\u00df &hellip; Continue reading Impressum\" \/>\n<meta property=\"og:url\" content=\"https:\/\/www.ferienwohnung-warnitz.de\/leer\/impressum\/\" \/>\n<meta property=\"og:site_name\" content=\"Ferienwohnung Warnitz\" \/>\n<meta name=\"twitter:card\" content=\"summary_large_image\" \/>\n<meta name=\"twitter:label1\" content=\"Gesch\u00e4tzte Lesezeit\" \/>\n\t<meta name=\"twitter:data1\" content=\"2\u00a0Minuten\" \/>\n<script type=\"application\/ld+json\" class=\"yoast-schema-graph\">{\"@context\":\"https:\\\/\\\/schema.org\",\"@graph\":[{\"@type\":\"WebPage\",\"@id\":\"https:\\\/\\\/www.ferienwohnung-warnitz.de\\\/leer\\\/impressum\\\/\",\"url\":\"https:\\\/\\\/www.ferienwohnung-warnitz.de\\\/leer\\\/impressum\\\/\",\"name\":\"Impressum - Ferienwohnung Warnitz\",\"isPartOf\":{\"@id\":\"https:\\\/\\\/www.ferienwohnung-warnitz.de\\\/leer\\\/#website\"},\"datePublished\":\"2024-01-30T10:22:13+00:00\",\"breadcrumb\":{\"@id\":\"https:\\\/\\\/www.ferienwohnung-warnitz.de\\\/leer\\\/impressum\\\/#breadcrumb\"},\"inLanguage\":\"de\",\"potentialAction\":[{\"@type\":\"ReadAction\",\"target\":[\"https:\\\/\\\/www.ferienwohnung-warnitz.de\\\/leer\\\/impressum\\\/\"]}]},{\"@type\":\"BreadcrumbList\",\"@id\":\"https:\\\/\\\/www.ferienwohnung-warnitz.de\\\/leer\\\/impressum\\\/#breadcrumb\",\"itemListElement\":[{\"@type\":\"ListItem\",\"position\":1,\"name\":\"Startseite\",\"item\":\"https:\\\/\\\/www.ferienwohnung-warnitz.de\\\/leer\\\/\"},{\"@type\":\"ListItem\",\"position\":2,\"name\":\"Impressum\"}]},{\"@type\":\"WebSite\",\"@id\":\"https:\\\/\\\/www.ferienwohnung-warnitz.de\\\/leer\\\/#website\",\"url\":\"https:\\\/\\\/www.ferienwohnung-warnitz.de\\\/leer\\\/\",\"name\":\"Ferienwohnung Warnitz\",\"description\":\"\",\"potentialAction\":[{\"@type\":\"SearchAction\",\"target\":{\"@type\":\"EntryPoint\",\"urlTemplate\":\"https:\\\/\\\/www.ferienwohnung-warnitz.de\\\/leer\\\/?s={search_term_string}\"},\"query-input\":{\"@type\":\"PropertyValueSpecification\",\"valueRequired\":true,\"valueName\":\"search_term_string\"}}],\"inLanguage\":\"de\"}]}<\/script>\n<!-- \/ Yoast SEO plugin. -->","yoast_head_json":{"title":"Impressum - Ferienwohnung Warnitz","robots":{"index":"index","follow":"follow","max-snippet":"max-snippet:-1","max-image-preview":"max-image-preview:large","max-video-preview":"max-video-preview:-1"},"canonical":"https:\/\/www.ferienwohnung-warnitz.de\/leer\/impressum\/","og_locale":"de_DE","og_type":"article","og_title":"Impressum - Ferienwohnung Warnitz","og_description":"Angaben gem\u00e4\u00df Informationspflicht laut \u00a7 5 Telemediengesetz (TMG). www.ferienwohnung-warnitz.deInhaber Steffen KnautheGartenstra\u00dfe 18,16303 Schwedt,Deutschland Tel.:\u00a00176 59 211 108E-Mail: sku@skdiamond.de EU-Streitschlichtung Gem\u00e4\u00df &hellip; Continue reading Impressum","og_url":"https:\/\/www.ferienwohnung-warnitz.de\/leer\/impressum\/","og_site_name":"Ferienwohnung Warnitz","twitter_card":"summary_large_image","twitter_misc":{"Gesch\u00e4tzte Lesezeit":"2\u00a0Minuten"},"schema":{"@context":"https:\/\/schema.org","@graph":[{"@type":"WebPage","@id":"https:\/\/www.ferienwohnung-warnitz.de\/leer\/impressum\/","url":"https:\/\/www.ferienwohnung-warnitz.de\/leer\/impressum\/","name":"Impressum - Ferienwohnung Warnitz","isPartOf":{"@id":"https:\/\/www.ferienwohnung-warnitz.de\/leer\/#website"},"datePublished":"2024-01-30T10:22:13+00:00","breadcrumb":{"@id":"https:\/\/www.ferienwohnung-warnitz.de\/leer\/impressum\/#breadcrumb"},"inLanguage":"de","potentialAction":[{"@type":"ReadAction","target":["https:\/\/www.ferienwohnung-warnitz.de\/leer\/impressum\/"]}]},{"@type":"BreadcrumbList","@id":"https:\/\/www.ferienwohnung-warnitz.de\/leer\/impressum\/#breadcrumb","itemListElement":[{"@type":"ListItem","position":1,"name":"Startseite","item":"https:\/\/www.ferienwohnung-warnitz.de\/leer\/"},{"@type":"ListItem","position":2,"name":"Impressum"}]},{"@type":"WebSite","@id":"https:\/\/www.ferienwohnung-warnitz.de\/leer\/#website","url":"https:\/\/www.ferienwohnung-warnitz.de\/leer\/","name":"Ferienwohnung Warnitz","description":"","potentialAction":[{"@type":"SearchAction","target":{"@type":"EntryPoint","urlTemplate":"https:\/\/www.ferienwohnung-warnitz.de\/leer\/?s={search_term_string}"},"query-input":{"@type":"PropertyValueSpecification","valueRequired":true,"valueName":"search_term_string"}}],"inLanguage":"de"}]}},"brizy_media":[],"_links":{"self":[{"href":"https:\/\/www.ferienwohnung-warnitz.de\/leer\/wp-json\/wp\/v2\/pages\/3243","targetHints":{"allow":["GET"]}}],"collection":[{"href":"https:\/\/www.ferienwohnung-warnitz.de\/leer\/wp-json\/wp\/v2\/pages"}],"about":[{"href":"https:\/\/www.ferienwohnung-warnitz.de\/leer\/wp-json\/wp\/v2\/types\/page"}],"author":[{"embeddable":true,"href":"https:\/\/www.ferienwohnung-warnitz.de\/leer\/wp-json\/wp\/v2\/users\/1"}],"replies":[{"embeddable":true,"href":"https:\/\/www.ferienwohnung-warnitz.de\/leer\/wp-json\/wp\/v2\/comments?post=3243"}],"version-history":[{"count":3,"href":"https:\/\/www.ferienwohnung-warnitz.de\/leer\/wp-json\/wp\/v2\/pages\/3243\/revisions"}],"predecessor-version":[{"id":3454,"href":"https:\/\/www.ferienwohnung-warnitz.de\/leer\/wp-json\/wp\/v2\/pages\/3243\/revisions\/3454"}],"wp:attachment":[{"href":"https:\/\/www.ferienwohnung-warnitz.de\/leer\/wp-json\/wp\/v2\/media?parent=3243"}],"curies":[{"name":"wp","href":"https:\/\/api.w.org\/{rel}","templated":true}]}}